{"id":3408,"date":"2024-09-01T22:29:37","date_gmt":"2024-09-01T20:29:37","guid":{"rendered":"https:\/\/relaunch.isenringlaw.ch\/?page_id=3408"},"modified":"2024-09-16T17:11:46","modified_gmt":"2024-09-16T15:11:46","slug":"datenschutz","status":"publish","type":"page","link":"https:\/\/www.isenringlaw.ch\/de\/datenschutz\/","title":{"rendered":"Datenschutz"},"content":{"rendered":"\t\t<div data-elementor-type=\"wp-page\" data-elementor-id=\"3408\" class=\"elementor elementor-3408\" data-elementor-post-type=\"page\">\n\t\t\t\t<div class=\"elementor-element elementor-element-57bbde4 e-con-full e-flex e-con e-parent\" data-id=\"57bbde4\" data-element_type=\"container\" data-e-type=\"container\" data-settings=\"{&quot;background_background&quot;:&quot;classic&quot;}\">\n\t\t<div class=\"elementor-element elementor-element-4ae7ed0 e-con-full e-flex e-con e-child\" data-id=\"4ae7ed0\" data-element_type=\"container\" data-e-type=\"container\" data-settings=\"{&quot;background_background&quot;:&quot;classic&quot;}\">\n\t\t<div class=\"elementor-element elementor-element-0449ae1 e-con-full h1container e-flex e-con e-child\" data-id=\"0449ae1\" data-element_type=\"container\" data-e-type=\"container\">\n\t\t<div class=\"elementor-element elementor-element-31c2d77 e-con-full animated-fast e-flex elementor-invisible e-con e-child\" data-id=\"31c2d77\" data-element_type=\"container\" data-e-type=\"container\" data-settings=\"{&quot;animation&quot;:&quot;fadeIn&quot;,&quot;animation_delay&quot;:500}\">\n\t\t<div class=\"elementor-element elementor-element-abba480 e-con-full e-flex e-con e-child\" data-id=\"abba480\" data-element_type=\"container\" data-e-type=\"container\">\n\t\t\t\t<div class=\"elementor-element elementor-element-5294c25 elementor-widget elementor-widget-heading\" data-id=\"5294c25\" data-element_type=\"widget\" data-e-type=\"widget\" data-widget_type=\"heading.default\">\n\t\t\t\t<div class=\"elementor-widget-container\">\n\t\t\t\t\t<h1 class=\"elementor-heading-title elementor-size-default\">Datenschutz<\/h1>\t\t\t\t<\/div>\n\t\t\t\t<\/div>\n\t\t\t\t<div class=\"elementor-element elementor-element-c534c21 elementor-widget__width-initial elementor-widget-mobile__width-inherit elementor-widget elementor-widget-heading\" data-id=\"c534c21\" data-element_type=\"widget\" data-e-type=\"widget\" data-widget_type=\"heading.default\">\n\t\t\t\t<div class=\"elementor-widget-container\">\n\t\t\t\t\t<h1 class=\"elementor-heading-title elementor-size-default\">Datenschutzerkl\u00e4rung Isenring Law<\/h1>\t\t\t\t<\/div>\n\t\t\t\t<\/div>\n\t\t\t\t<div class=\"elementor-element elementor-element-2f22db2 elementor-widget__width-inherit elementor-widget-tablet__width-initial elementor-widget elementor-widget-text-editor\" data-id=\"2f22db2\" data-element_type=\"widget\" data-e-type=\"widget\" data-widget_type=\"text-editor.default\">\n\t\t\t\t<div class=\"elementor-widget-container\">\n\t\t\t\t\t\t\t\t\tWas regelt diese Datenschutzerkl\u00e4rung?\t\t\t\t\t\t\t\t<\/div>\n\t\t\t\t<\/div>\n\t\t\t\t<div class=\"elementor-element elementor-element-1597732 elementor-widget__width-inherit elementor-widget-tablet__width-initial elementor-widget elementor-widget-text-editor\" data-id=\"1597732\" data-element_type=\"widget\" data-e-type=\"widget\" data-widget_type=\"text-editor.default\">\n\t\t\t\t<div class=\"elementor-widget-container\">\n\t\t\t\t\t\t\t\t\t<p>Diese Datenschutzerkl\u00e4rung enth\u00e4lt Informationen dar\u00fcber, wie Personendaten im Rahmen eines Mandatsverh\u00e4ltnisses mit Anw\u00e4ltinnen und Anw\u00e4lten von Isenring Law erhoben und bearbeitet werden.<\/p>\t\t\t\t\t\t\t\t<\/div>\n\t\t\t\t<\/div>\n\t\t\t\t<div class=\"elementor-element elementor-element-6a83742 elementor-widget__width-inherit elementor-widget-tablet__width-initial elementor-widget elementor-widget-text-editor\" data-id=\"6a83742\" data-element_type=\"widget\" data-e-type=\"widget\" data-widget_type=\"text-editor.default\">\n\t\t\t\t<div class=\"elementor-widget-container\">\n\t\t\t\t\t\t\t\t\tWie k\u00f6nnen Sie uns erreichen?\t\t\t\t\t\t\t\t<\/div>\n\t\t\t\t<\/div>\n\t\t\t\t<div class=\"elementor-element elementor-element-35a4268 elementor-widget__width-inherit elementor-widget-tablet__width-initial elementor-widget elementor-widget-text-editor\" data-id=\"35a4268\" data-element_type=\"widget\" data-e-type=\"widget\" data-widget_type=\"text-editor.default\">\n\t\t\t\t<div class=\"elementor-widget-container\">\n\t\t\t\t\t\t\t\t\t<p>Verantwortlich f\u00fcr die in dieser Datenschutzerkl\u00e4rung beschriebene Bearbeitung von Personendaten ist Isenring Law. Sie erreichen uns wie folgt:<\/p>\t\t\t\t\t\t\t\t<\/div>\n\t\t\t\t<\/div>\n\t\t\t\t<div class=\"elementor-element elementor-element-a4400b7 elementor-widget__width-inherit elementor-widget-tablet__width-initial elementor-widget elementor-widget-text-editor\" data-id=\"a4400b7\" data-element_type=\"widget\" data-e-type=\"widget\" data-widget_type=\"text-editor.default\">\n\t\t\t\t<div class=\"elementor-widget-container\">\n\t\t\t\t\t\t\t\t\t<p>Isenring Law<br \/>RA Dr. Bernhard Isenring<br \/>General Wille Strasse 201<br \/>Postfach 572<br \/>8706 Meilen<\/p>\t\t\t\t\t\t\t\t<\/div>\n\t\t\t\t<\/div>\n\t\t\t\t<div class=\"elementor-element elementor-element-6be83bd elementor-widget__width-inherit elementor-widget-tablet__width-initial linkdunkel elementor-widget elementor-widget-text-editor\" data-id=\"6be83bd\" data-element_type=\"widget\" data-e-type=\"widget\" data-widget_type=\"text-editor.default\">\n\t\t\t\t<div class=\"elementor-widget-container\">\n\t\t\t\t\t\t\t\t\t<p>Wenn Sie Fragen \u00fcber unseren Umgang mit Personendaten oder sonstige datenschutzrechtliche Anliegen haben, k\u00f6nnen Sie uns gerne unter <a href=\"mailto:isenring@isenringlaw.ch\">isenring@isenringlaw.ch<\/a> kontaktieren.<\/p>\t\t\t\t\t\t\t\t<\/div>\n\t\t\t\t<\/div>\n\t\t\t\t<div class=\"elementor-element elementor-element-3bf76b7 elementor-widget__width-inherit elementor-widget-tablet__width-initial elementor-widget elementor-widget-text-editor\" data-id=\"3bf76b7\" data-element_type=\"widget\" data-e-type=\"widget\" data-widget_type=\"text-editor.default\">\n\t\t\t\t<div class=\"elementor-widget-container\">\n\t\t\t\t\t\t\t\t\tWelche Personendaten bearbeiten wir und f\u00fcr welche Zwecke bearbeiten wir Ihre Daten?\t\t\t\t\t\t\t\t<\/div>\n\t\t\t\t<\/div>\n\t\t\t\t<div class=\"elementor-element elementor-element-6f43d23 elementor-widget__width-inherit elementor-widget-tablet__width-initial linkdunkel elementor-widget elementor-widget-text-editor\" data-id=\"6f43d23\" data-element_type=\"widget\" data-e-type=\"widget\" data-widget_type=\"text-editor.default\">\n\t\t\t\t<div class=\"elementor-widget-container\">\n\t\t\t\t\t\t\t\t\t<p>Wir bearbeiten Personendaten (Daten, die nat\u00fcrliche Personen direkt oder indirekt identifizieren), welche wir im Rahmen der Mandatsbeziehung von Ihnen oder beteiligten Dritten erhalten oder die wir selbst erheben.<br \/>Einige der Personendaten \u00fcberlassen Sie bzw. die betroffenen Personen uns selbst, wenn Sie bzw. diese uns \u00fcber E-Mail oder per Telefon kontaktieren und unsere Dienstleistungen nachfragen. Dazu geh\u00f6ren z.B. Name und Kontaktdaten sowie Informationen \u00fcber die Rolle der betroffenen Person beim Unternehmen oder bei der Organisation, f\u00fcr welche Sie oder die jeweiligen Kontaktpersonen t\u00e4tig sind oder in deren Namen Sie bzw. diese uns kontaktieren. Wir bearbeiten zudem Personen- daten, die wir in unserer Korrespondenz mit Dritten (namentlich Mandantschaft, Gegenparteien, Beh\u00f6rden und Gerichten und deren Mitarbeitenden oder weiteren Kontaktpersonen) im Rahmen des Mandatsverh\u00e4ltnisses erhalten (z.B. Name, Kontaktdaten, Geburtsdatum, Angaben zum Arbeitsverh\u00e4ltnis, zur Einkommenssituation, Familienverh\u00e4ltnissen oder zum Gesundheitszustand). Zudem erheben wir einige Personendaten selbst, z.B. aus \u00f6ffentlichen Registern oder auf Websites.<br \/>Im Rahmen eines Mandatsverh\u00e4ltnisses bearbeiten wir somit folgende Personendaten:<\/p>\t\t\t\t\t\t\t\t<\/div>\n\t\t\t\t<\/div>\n\t\t\t\t<div class=\"elementor-element elementor-element-0e1d758 elementor-widget__width-inherit elementor-widget-tablet__width-initial linkdunkel elementor-widget elementor-widget-text-editor\" data-id=\"0e1d758\" data-element_type=\"widget\" data-e-type=\"widget\" data-widget_type=\"text-editor.default\">\n\t\t\t\t<div class=\"elementor-widget-container\">\n\t\t\t\t\t\t\t\t\t<ul><li><strong>Klientendaten und Daten f\u00fcr die Mandatsverwaltung:<\/strong> Vor- und Nachnamen sowie Kontaktangaben der Ansprechpersonen, Position und Titel, zugeh\u00f6riges Unternehmen \/ Stelle, Branche, allf\u00e4llige Querverbindungen (z.B. Gesellschafterin\/Gesellschafter oder nahestehende Personen) und weitere Hintergrundinformationen aus \u00f6ffentlich zug\u00e4nglichen Quellen (z.B. Handelsregister), allf\u00e4llige zuweisende Person, Inhalte von Anfrage und Mandat, Gegenparteien und deren Vertreterin\/Vertreter sowie weitere Angaben zur Pr\u00fcfung allf\u00e4lliger Interessenkonflikte;<\/li><li><strong>Mandatsdaten:<\/strong> Kommunikation mit Klientinnen\/Klienten, Gerichten, Gegenanw\u00e4ltinnen\/Gegenanw\u00e4lten und Dritten, Beratungsdokumentation, Informationen, die uns im Rahmen unserer Dienstleistungen von oder f\u00fcr die Klientinnen\/Klienten, von Gegenparteien, Gerichten, Beh\u00f6rden und weiteren Verfahrensbeteiligten bekanntgegeben werden oder die wir im Rahmen unserer Dienstleistungen erstellen;<\/li><li><strong>Leistungs- und Abrechnungsdaten:<\/strong> Angaben \u00fcber die erbrachten und abgerechneten Leistungen, Rechnungsdaten, Leistungsnachweise, Rechnungen, Zahlungen, Bankverbindungen;<\/li><li><strong>Erg\u00e4nzende Informationen:<\/strong> Informationen im Zusammenhang mit der Teilnahme an unseren Veranstaltungen und weitere Informationen, die uns die Klientinnen\/Klienten zur Verf\u00fcgung stellen.<\/li><\/ul>\t\t\t\t\t\t\t\t<\/div>\n\t\t\t\t<\/div>\n\t\t\t\t<div class=\"elementor-element elementor-element-48c75d8 elementor-widget__width-inherit elementor-widget-tablet__width-initial linkdunkel elementor-widget elementor-widget-text-editor\" data-id=\"48c75d8\" data-element_type=\"widget\" data-e-type=\"widget\" data-widget_type=\"text-editor.default\">\n\t\t\t\t<div class=\"elementor-widget-container\">\n\t\t\t\t\t\t\t\t\t<p>Wir bearbeiten die Personendaten haupts\u00e4chlich, um unsere Dienstleistungen zu erbringen, zu dokumentieren, abzurechnen und zu verbessern. Dazu geh\u00f6rt die Bearbeitung zur Erf\u00fcllung rechtlicher Anforderungen (z.B. zur Pr\u00fcfung allf\u00e4lliger Interessenkonflikte) und zur Durchsetzung bzw. Abwehr von Rechtsanspr\u00fcchen. Wir bearbeiten die Personendaten unserer Klientinnen\/Klienten auch, um mit ihnen zu kommunizieren, Anfragen zu beantworten und ihnen Informationen \u00fcber unsere Kanzlei und Einladungen zu Anl\u00e4ssen, Kursen, Konferenzen oder Vortr\u00e4gen zuzustellen.<br \/>Wir bearbeiten Kontaktdaten der Klientschaft bzw. ihrer Mitarbeitenden oder anderen Kontaktpersonen allenfalls auch f\u00fcr Marketingzwecke (unter Einsatz jeglicher Kommunikationsmittel wie E-Mail, soziale Medien, Post oder Telefon), um \u00fcber Ver\u00f6ffentlichungen, Veranstaltungen, Neuigkeiten, Dienstleistungen oder Produkte, die von Interesse sein k\u00f6nnten, zu informieren.<br \/>Wir haben ein den genannten Zwecken entsprechendes berechtigtes Interesse an der Bearbeitung der Personendaten. Einige Bearbeitungen sind zudem notwendig, damit wir unsere vertraglichen Pflichten Ihnen gegen\u00fcber oder unsere gesetzlichen Pflichten (z.B. Aufbewahrungspflichten) erf\u00fcllen k\u00f6nnen.<\/p>\t\t\t\t\t\t\t\t<\/div>\n\t\t\t\t<\/div>\n\t\t\t\t<div class=\"elementor-element elementor-element-b92fa85 elementor-widget__width-inherit elementor-widget-tablet__width-initial elementor-widget elementor-widget-text-editor\" data-id=\"b92fa85\" data-element_type=\"widget\" data-e-type=\"widget\" data-widget_type=\"text-editor.default\">\n\t\t\t\t<div class=\"elementor-widget-container\">\n\t\t\t\t\t\t\t\t\t<p>Geben wir Ihre Daten an Dritte weiter und wie bearbeiten wir Ihre Daten?<\/p>\t\t\t\t\t\t\t\t<\/div>\n\t\t\t\t<\/div>\n\t\t\t\t<div class=\"elementor-element elementor-element-1f8fb6a elementor-widget__width-inherit elementor-widget-tablet__width-initial linkdunkel elementor-widget elementor-widget-text-editor\" data-id=\"1f8fb6a\" data-element_type=\"widget\" data-e-type=\"widget\" data-widget_type=\"text-editor.default\">\n\t\t\t\t<div class=\"elementor-widget-container\">\n\t\t\t\t\t\t\t\t\t<p>Zur Erreichung der in dieser Datenschutzerkl\u00e4rung beschriebenen Zwecke kann es notwendig sein, dass wir die Personendaten an folgende Kategorien von Empf\u00e4ngern weitergeben: Externe Dienstleister, Klientschaft, Gegenparteien und ihre Rechtsvertreterinnen, Gesch\u00e4ftspartner, mit denen wir die Rechtsdienstleistungserbringung allenfalls koordinieren m\u00fcssen, Beh\u00f6rden und Gerichte, Rechtsschutzversicherungen und sonstige Sachverst\u00e4ndige.<br \/>Wir weisen Sie darauf hin, dass wir im Rahmen der Mandatsf\u00fchrung Personendaten auch an Auftragsdatenbearbeitende weitergeben k\u00f6nnen, insbesondere an IT-Provider und andere Anbieterinnen\/Anbieter, die IT-Applikationen zur Verf\u00fcgung stellen (z.B. Kollaborationsplattformen, Cloud- Dienste, \u00dcbersetzungstools) oder Support und andere Dienstleistungen f\u00fcr die in dieser Datenschutzerkl\u00e4rung aufgef\u00fchrten Zwecke in unserem Auftrag erbringen. Wir setzen sodann bestimmte IT- Dienstleistungen sowie Kommunikationsmittel ein, welche mit Datensicherheitsrisiken verbunden sein k\u00f6nnen (z.B. E-Mail, Videokonferenzen). Es obliegt Ihnen, uns \u00fcber den Wunsch nach besonderen Sicherheitsmassnahmen zu orientieren.<br \/>Es kann sein, dass wir Personendaten an Empf\u00e4nger (wie etwa Gegenparteien oder Beh\u00f6rden) in Staaten \u00fcbermitteln, die kein mit Schweizer Recht vergleichbares Datenschutzniveau gew\u00e4hrleisten. Wir k\u00f6nnen Personendaten in ein Land ohne angemessenen Datenschutz bekanntgeben, ohne daf\u00fcr einen eigenen Vertrag zu schliessen, wenn wir uns hierf\u00fcr auf eine Ausnahmebestimmung st\u00fctzen k\u00f6nnen. Eine Ausnahme kann namentlich bei Rechtsverfahren im Ausland gelten, aber auch in F\u00e4llen \u00fcberwiegender \u00f6ffentlicher Interessen oder wenn die Abwicklung eines Vertrags, der in Ihrem Interesse ist, eine solche Bekanntgabe erfordert (z.B., wenn wir Daten an unsere Korrespondenzkanzleien bekanntgeben), wenn Sie eingewilligt haben oder die Einholung Ihrer Einwilligung innerhalb angemessener Frist nicht m\u00f6glich ist und die Bekanntgabe zur Erf\u00fcllung eines Vertrags oder zur Durchsetzung von Rechtsanspr\u00fcchen notwendig ist.<\/p>\t\t\t\t\t\t\t\t<\/div>\n\t\t\t\t<\/div>\n\t\t\t\t<div class=\"elementor-element elementor-element-713f936 elementor-widget__width-inherit elementor-widget-tablet__width-initial elementor-widget elementor-widget-text-editor\" data-id=\"713f936\" data-element_type=\"widget\" data-e-type=\"widget\" data-widget_type=\"text-editor.default\">\n\t\t\t\t<div class=\"elementor-widget-container\">\n\t\t\t\t\t\t\t\t\t<p>Welche Rechte haben Sie in Bezug auf Ihre Personendaten?<\/p>\t\t\t\t\t\t\t\t<\/div>\n\t\t\t\t<\/div>\n\t\t\t\t<div class=\"elementor-element elementor-element-04f0313 elementor-widget__width-inherit elementor-widget-tablet__width-initial linkdunkel elementor-widget elementor-widget-text-editor\" data-id=\"04f0313\" data-element_type=\"widget\" data-e-type=\"widget\" data-widget_type=\"text-editor.default\">\n\t\t\t\t<div class=\"elementor-widget-container\">\n\t\t\t\t\t\t\t\t\t<p>Betroffene Personen haben insbesondere das Recht auf Auskunft der \u00fcber sie gespeicherten Personendaten und den Zweck der Datenbearbeitung, das Recht auf Berichtigung sowie auf L\u00f6schung oder Einschr\u00e4nkung der Bearbeitung ihrer Personendaten, das Recht, der Bearbeitung zu widersprechen, das Recht auf Ergreifung eines Rechtsbehelfes bei einer zust\u00e4ndigen Aufsichtsbeh\u00f6rde sowie auf Daten\u00fcbermittlung\/\u00dcbertragbarkeit. Beachten Sie aber bitte, dass f\u00fcr diese Rechte Voraussetzungen und Ausnahmen gelten. Soweit rechtlich zul\u00e4ssig oder erforderlich, k\u00f6nnen wir Anfragen zur Aus\u00fcbung dieser Rechte ablehnen. So d\u00fcrfen oder m\u00fcssen wir die Personendaten allenfalls trotz Aufforderung zur L\u00f6schung der Personendaten oder Einschr\u00e4nkung der Bearbeitung aus rechtlichen Gr\u00fcnden aufbewahren oder anderweitig weiterbearbeiten.<br \/>Wenn Sie Fragen haben oder ein solches Recht in Anspruch nehmen m\u00f6chten, wenden Sie sich gerne an uns, seit es via E-Mail an <a href=\"mailto:isenring@isenringlaw.ch\">isenring@isenringlaw.ch<\/a> oder per Post an:<\/p>\t\t\t\t\t\t\t\t<\/div>\n\t\t\t\t<\/div>\n\t\t\t\t<div class=\"elementor-element elementor-element-1267f17 elementor-widget__width-inherit elementor-widget-tablet__width-initial elementor-widget elementor-widget-text-editor\" data-id=\"1267f17\" data-element_type=\"widget\" data-e-type=\"widget\" data-widget_type=\"text-editor.default\">\n\t\t\t\t<div class=\"elementor-widget-container\">\n\t\t\t\t\t\t\t\t\t<p>Isenring Law<br \/>General Wille Strasse 201<br \/>Postfach 572<br \/>8706 Meilen<\/p>\t\t\t\t\t\t\t\t<\/div>\n\t\t\t\t<\/div>\n\t\t\t\t<div class=\"elementor-element elementor-element-267185c elementor-widget__width-inherit elementor-widget-tablet__width-initial linkdunkel elementor-widget elementor-widget-text-editor\" data-id=\"267185c\" data-element_type=\"widget\" data-e-type=\"widget\" data-widget_type=\"text-editor.default\">\n\t\t\t\t<div class=\"elementor-widget-container\">\n\t\t\t\t\t\t\t\t\t<p>Eine betroffene Person hat zudem die im Datenschutzgesetz vorgesehene M\u00f6glichkeit, den Eidgen\u00f6ssischen Datenschutz- und \u00d6ffentlichkeitsbeauftragten zu kontaktieren (<a href=\"https:\/\/www.edoeb.admin.ch\" target=\"_blank\" rel=\"nofollow noopener\">www.edoeb.admin.ch<\/a>).<\/p>\t\t\t\t\t\t\t\t<\/div>\n\t\t\t\t<\/div>\n\t\t\t\t<div class=\"elementor-element elementor-element-0863d7a elementor-widget__width-inherit elementor-widget-tablet__width-initial elementor-widget elementor-widget-text-editor\" data-id=\"0863d7a\" data-element_type=\"widget\" data-e-type=\"widget\" data-widget_type=\"text-editor.default\">\n\t\t\t\t<div class=\"elementor-widget-container\">\n\t\t\t\t\t\t\t\t\t<p>Welche Rechte haben Sie in Bezug auf Ihre Personendaten?<\/p>\t\t\t\t\t\t\t\t<\/div>\n\t\t\t\t<\/div>\n\t\t\t\t<div class=\"elementor-element elementor-element-f6c68ac elementor-widget__width-inherit elementor-widget-tablet__width-initial linkdunkel elementor-widget elementor-widget-text-editor\" data-id=\"f6c68ac\" data-element_type=\"widget\" data-e-type=\"widget\" data-widget_type=\"text-editor.default\">\n\t\t\t\t<div class=\"elementor-widget-container\">\n\t\t\t\t\t\t\t\t\t<p>Es kann sein, dass Anpassungen dieser Datenschutzerkl\u00e4rung n\u00f6tig sind, zum Beispiel, wenn das Gesetz oder die Art, wie wir Personendaten bearbeiten, sich \u00e4ndert. In diesem Fall wird die neue Version auf unserer Website ver\u00f6ffentlicht.<br \/>Bitte beachten Sie, dass keine Einwilligung seitens der Klientschaft, ihrer Mitarbeitenden oder anderen Kontaktpersonen in die Datenschutzerkl\u00e4rung notwendig ist. Es handelt sich bei der Datenschutzerkl\u00e4rung lediglich um die Information \u00fcber Art, Umfang und Zweck der Nutzung Personendaten durch die Isenring Law. Wir behalten uns das Recht vor, den Inhalt der vorgenannten Datenschutzerkl\u00e4rung jederzeit und ohne Ank\u00fcndigung einseitig zu \u00e4ndern. Es wird daher empfohlen, die Datenschutzerkl\u00e4rung regelm\u00e4ssig auf unserer Website zu konsultieren.<\/p>\t\t\t\t\t\t\t\t<\/div>\n\t\t\t\t<\/div>\n\t\t\t\t<\/div>\n\t\t\t\t<\/div>\n\t\t\t\t<\/div>\n\t\t\t\t<\/div>\n\t\t\t\t<\/div>\n\t\t\t\t<\/div>\n\t\t","protected":false},"excerpt":{"rendered":"<p>Datenschutz Datenschutzerkl\u00e4rung Isenring Law Was regelt diese Datenschutzerkl\u00e4rung? Diese Datenschutzerkl\u00e4rung enth\u00e4lt Informationen dar\u00fcber, wie Personendaten im Rahmen eines Mandatsverh\u00e4ltnisses mit Anw\u00e4ltinnen und Anw\u00e4lten von Isenring Law erhoben und bearbeitet werden. Wie k\u00f6nnen Sie uns erreichen? Verantwortlich f\u00fcr die in dieser Datenschutzerkl\u00e4rung beschriebene Bearbeitung von Personendaten ist Isenring Law. Sie erreichen uns wie folgt: Isenring LawRA [&hellip;]<\/p>\n","protected":false},"author":1,"featured_media":0,"parent":0,"menu_order":5,"comment_status":"closed","ping_status":"closed","template":"","meta":{"footnotes":""},"class_list":["post-3408","page","type-page","status-publish","hentry"],"_links":{"self":[{"href":"https:\/\/www.isenringlaw.ch\/de\/wp-json\/wp\/v2\/pages\/3408","targetHints":{"allow":["GET"]}}],"collection":[{"href":"https:\/\/www.isenringlaw.ch\/de\/wp-json\/wp\/v2\/pages"}],"about":[{"href":"https:\/\/www.isenringlaw.ch\/de\/wp-json\/wp\/v2\/types\/page"}],"author":[{"embeddable":true,"href":"https:\/\/www.isenringlaw.ch\/de\/wp-json\/wp\/v2\/users\/1"}],"replies":[{"embeddable":true,"href":"https:\/\/www.isenringlaw.ch\/de\/wp-json\/wp\/v2\/comments?post=3408"}],"version-history":[{"count":3,"href":"https:\/\/www.isenringlaw.ch\/de\/wp-json\/wp\/v2\/pages\/3408\/revisions"}],"predecessor-version":[{"id":3843,"href":"https:\/\/www.isenringlaw.ch\/de\/wp-json\/wp\/v2\/pages\/3408\/revisions\/3843"}],"wp:attachment":[{"href":"https:\/\/www.isenringlaw.ch\/de\/wp-json\/wp\/v2\/media?parent=3408"}],"curies":[{"name":"wp","href":"https:\/\/api.w.org\/{rel}","templated":true}]}}